{"id":6944,"date":"2023-03-08T16:08:36","date_gmt":"2023-03-08T15:08:36","guid":{"rendered":"https:\/\/elparlante.es\/web\/contact\/"},"modified":"2026-02-11T16:18:27","modified_gmt":"2026-02-11T15:18:27","slug":"contact","status":"publish","type":"page","link":"https:\/\/elparlante.es\/en\/contact\/","title":{"rendered":"Contact"},"content":{"rendered":"<p>[et_pb_section fb_built=&#8221;1&#8243; fullwidth=&#8221;on&#8221; prev_background_color=&#8221;#ffffff&#8221; _builder_version=&#8221;4.16&#8243; background_color=&#8221;rgba(0,0,0,0.32)&#8221; background_image=&#8221;https:\/\/elparlante.es\/wp-content\/uploads\/2023\/09\/banner_contacte.jpg&#8221; background_blend=&#8221;multiply&#8221; custom_padding=&#8221;0px||200px|||&#8221; top_divider_style=&#8221;none&#8221; global_colors_info=&#8221;{}&#8221;][et_pb_fullwidth_post_title meta=&#8221;off&#8221; featured_image=&#8221;off&#8221; text_color=&#8221;light&#8221; _builder_version=&#8221;4.16&#8243; title_font_size=&#8221;60px&#8221; global_colors_info=&#8221;{}&#8221;][\/et_pb_fullwidth_post_title][\/et_pb_section][et_pb_section fb_built=&#8221;1&#8243; _builder_version=&#8221;4.16&#8243; global_colors_info=&#8221;{}&#8221;][et_pb_row _builder_version=&#8221;4.16&#8243; global_colors_info=&#8221;{}&#8221;][et_pb_column type=&#8221;4_4&#8243; _builder_version=&#8221;4.16&#8243; global_colors_info=&#8221;{}&#8221;][et_pb_text _builder_version=&#8221;4.27.5&#8243; header_3_text_color=&#8221;#f25041&#8243; hover_enabled=&#8221;0&#8243; text_font_size_tablet=&#8221;&#8221; text_font_size_phone=&#8221;18px&#8221; text_font_size_last_edited=&#8221;on|phone&#8221; header_3_font_size_tablet=&#8221;&#8221; header_3_font_size_phone=&#8221;22px&#8221; header_3_font_size_last_edited=&#8221;on|phone&#8221; global_colors_info=&#8221;{}&#8221; sticky_enabled=&#8221;0&#8243;]<\/p>\n<h3 style=\"text-align: center;\"><a href=\"mailto:comunicacion@elparlante.es\">comunicacion@elparlante.es<\/a><\/h3>\n<h3 style=\"text-align: center;\">(+34) 602 63 22 11<\/h3>\n<p>[\/et_pb_text][\/et_pb_column][\/et_pb_row][et_pb_row column_structure=&#8221;1_3,2_3&#8243; _builder_version=&#8221;4.16&#8243; global_colors_info=&#8221;{}&#8221;][et_pb_column type=&#8221;1_3&#8243; _builder_version=&#8221;4.16&#8243; global_colors_info=&#8221;{}&#8221;][et_pb_text _builder_version=&#8221;4.16&#8243; header_3_text_color=&#8221;#000000&#8243; global_colors_info=&#8221;{}&#8221;]<\/p>\n<h3 style=\"text-align: center;\">Write to us! We always answer \ud83d\ude09<\/h3>\n<p>[\/et_pb_text][\/et_pb_column][et_pb_column type=&#8221;2_3&#8243; _builder_version=&#8221;4.16&#8243; global_colors_info=&#8221;{}&#8221;][et_pb_contact_form captcha=&#8221;off&#8221; email=&#8221;comunicacion@elparlante.es&#8221; success_message=&#8221;Receipt! Thank you for contacting us. We&#8217;ll get back to you shortly.&#8221; submit_button_text=&#8221;Send&#8221; _builder_version=&#8221;4.16&#8243; _unique_id=&#8221;87a8da20-8ee3-4acc-b789-4266908c0fbd&#8221; title_font_size=&#8221;24px&#8221; global_colors_info=&#8221;{}&#8221;][et_pb_contact_field field_id=&#8221;Name&#8221; field_title=&#8221;Name&#8221; _builder_version=&#8221;4.16&#8243; global_colors_info=&#8221;{}&#8221; button_text_size__hover_enabled=&#8221;off&#8221; button_one_text_size__hover_enabled=&#8221;off&#8221; button_two_text_size__hover_enabled=&#8221;off&#8221; button_text_color__hover_enabled=&#8221;off&#8221; button_one_text_color__hover_enabled=&#8221;off&#8221; button_two_text_color__hover_enabled=&#8221;off&#8221; button_border_width__hover_enabled=&#8221;off&#8221; button_one_border_width__hover_enabled=&#8221;off&#8221; button_two_border_width__hover_enabled=&#8221;off&#8221; button_border_color__hover_enabled=&#8221;off&#8221; button_one_border_color__hover_enabled=&#8221;off&#8221; button_two_border_color__hover_enabled=&#8221;off&#8221; button_border_radius__hover_enabled=&#8221;off&#8221; button_one_border_radius__hover_enabled=&#8221;off&#8221; button_two_border_radius__hover_enabled=&#8221;off&#8221; button_letter_spacing__hover_enabled=&#8221;off&#8221; button_one_letter_spacing__hover_enabled=&#8221;off&#8221; button_two_letter_spacing__hover_enabled=&#8221;off&#8221; button_bg_color__hover_enabled=&#8221;off&#8221; button_one_bg_color__hover_enabled=&#8221;off&#8221; button_two_bg_color__hover_enabled=&#8221;off&#8221;][\/et_pb_contact_field][et_pb_contact_field field_id=&#8221;Email&#8221; field_title=&#8221;Email&#8221; field_type=&#8221;email&#8221; _builder_version=&#8221;4.16&#8243; global_colors_info=&#8221;{}&#8221; button_text_size__hover_enabled=&#8221;off&#8221; button_one_text_size__hover_enabled=&#8221;off&#8221; button_two_text_size__hover_enabled=&#8221;off&#8221; button_text_color__hover_enabled=&#8221;off&#8221; button_one_text_color__hover_enabled=&#8221;off&#8221; button_two_text_color__hover_enabled=&#8221;off&#8221; button_border_width__hover_enabled=&#8221;off&#8221; button_one_border_width__hover_enabled=&#8221;off&#8221; button_two_border_width__hover_enabled=&#8221;off&#8221; button_border_color__hover_enabled=&#8221;off&#8221; button_one_border_color__hover_enabled=&#8221;off&#8221; button_two_border_color__hover_enabled=&#8221;off&#8221; button_border_radius__hover_enabled=&#8221;off&#8221; button_one_border_radius__hover_enabled=&#8221;off&#8221; button_two_border_radius__hover_enabled=&#8221;off&#8221; button_letter_spacing__hover_enabled=&#8221;off&#8221; button_one_letter_spacing__hover_enabled=&#8221;off&#8221; button_two_letter_spacing__hover_enabled=&#8221;off&#8221; button_bg_color__hover_enabled=&#8221;off&#8221; button_one_bg_color__hover_enabled=&#8221;off&#8221; button_two_bg_color__hover_enabled=&#8221;off&#8221;][\/et_pb_contact_field][et_pb_contact_field field_id=&#8221;Message&#8221; field_title=&#8221;Message&#8221; field_type=&#8221;text&#8221; fullwidth_field=&#8221;on&#8221; _builder_version=&#8221;4.16&#8243; global_colors_info=&#8221;{}&#8221; button_text_size__hover_enabled=&#8221;off&#8221; button_one_text_size__hover_enabled=&#8221;off&#8221; button_two_text_size__hover_enabled=&#8221;off&#8221; button_text_color__hover_enabled=&#8221;off&#8221; button_one_text_color__hover_enabled=&#8221;off&#8221; button_two_text_color__hover_enabled=&#8221;off&#8221; button_border_width__hover_enabled=&#8221;off&#8221; button_one_border_width__hover_enabled=&#8221;off&#8221; button_two_border_width__hover_enabled=&#8221;off&#8221; button_border_color__hover_enabled=&#8221;off&#8221; button_one_border_color__hover_enabled=&#8221;off&#8221; button_two_border_color__hover_enabled=&#8221;off&#8221; button_border_radius__hover_enabled=&#8221;off&#8221; button_one_border_radius__hover_enabled=&#8221;off&#8221; button_two_border_radius__hover_enabled=&#8221;off&#8221; button_letter_spacing__hover_enabled=&#8221;off&#8221; button_one_letter_spacing__hover_enabled=&#8221;off&#8221; button_two_letter_spacing__hover_enabled=&#8221;off&#8221; button_bg_color__hover_enabled=&#8221;off&#8221; button_one_bg_color__hover_enabled=&#8221;off&#8221; button_two_bg_color__hover_enabled=&#8221;off&#8221;][\/et_pb_contact_field][\/et_pb_contact_form][\/et_pb_column][\/et_pb_row][\/et_pb_section][et_pb_section fb_built=&#8221;1&#8243; _builder_version=&#8221;4.16&#8243; global_colors_info=&#8221;{}&#8221;][et_pb_row _builder_version=&#8221;4.16&#8243; locked=&#8221;off&#8221; global_colors_info=&#8221;{}&#8221;][et_pb_column type=&#8221;4_4&#8243; _builder_version=&#8221;4.16&#8243; global_colors_info=&#8221;{}&#8221;][wdcl_logo_carousel slide_count=&#8221;4&#8243; slide_count_tablet=&#8221;2&#8243; slide_count_phone=&#8221;1&#8243; slide_count_last_edited=&#8221;on|tablet&#8221; _builder_version=&#8221;4.16&#8243; module_alignment=&#8221;center&#8221; filter_saturate=&#8221;0%&#8221; locked=&#8221;off&#8221; global_colors_info=&#8221;{}&#8221;][wdcl_logo_carousel_child admin_title=&#8221;Barcelona City Council&#8221; logo=&#8221;https:\/\/elparlante.es\/web\/wp-content\/uploads\/2023\/09\/logo_ajuntament-barcelona.jpg&#8221; _builder_version=&#8221;4.16&#8243; link_option_url=&#8221;https:\/\/www.barcelona.cat\/ca\/&#8221; link_option_url_new_window=&#8221;on&#8221; global_colors_info=&#8221;{}&#8221;][\/wdcl_logo_carousel_child][wdcl_logo_carousel_child admin_title=&#8221;L&#8217;Hospitalet City Council&#8221; logo=&#8221;https:\/\/elparlante.es\/web\/wp-content\/uploads\/2023\/09\/logo_ajuntament-de-lhospitalet.jpg&#8221; _builder_version=&#8221;4.16&#8243; link_option_url=&#8221;https:\/\/www.l-h.cat\/&#8221; link_option_url_new_window=&#8221;on&#8221; global_colors_info=&#8221;{}&#8221;][\/wdcl_logo_carousel_child][wdcl_logo_carousel_child admin_title=&#8221;Town Hall Lli\u00e7\u00e0 d&#8217;Amunt&#8221; logo=&#8221;https:\/\/elparlante.es\/web\/wp-content\/uploads\/2023\/09\/logo_ajuntament-llica-damunt.jpg&#8221; _builder_version=&#8221;4.16&#8243; link_option_url=&#8221;https:\/\/www.llicamunt.cat\/&#8221; link_option_url_new_window=&#8221;on&#8221; global_colors_info=&#8221;{}&#8221;][\/wdcl_logo_carousel_child][wdcl_logo_carousel_child admin_title=&#8221;Government of Catalonia&#8221; logo=&#8221;https:\/\/elparlante.es\/web\/wp-content\/uploads\/2023\/09\/logo_generalitat-catalunya.jpg&#8221; _builder_version=&#8221;4.16&#8243; link_option_url=&#8221;https:\/\/web.gencat.cat\/ca\/inici&#8221; link_option_url_new_window=&#8221;on&#8221; global_colors_info=&#8221;{}&#8221;][\/wdcl_logo_carousel_child][wdcl_logo_carousel_child admin_title=&#8221;Barcelona Provincial Council&#8221; logo=&#8221;https:\/\/elparlante.es\/web\/wp-content\/uploads\/2023\/09\/logo_diputacio-barcelona.jpg&#8221; _builder_version=&#8221;4.16&#8243; link_option_url=&#8221;https:\/\/www.diba.cat\/&#8221; link_option_url_new_window=&#8221;on&#8221; global_colors_info=&#8221;{}&#8221;][\/wdcl_logo_carousel_child][wdcl_logo_carousel_child admin_title=&#8221;ICEC&#8221; logo=&#8221;https:\/\/elparlante.es\/web\/wp-content\/uploads\/2023\/09\/logo_icec.jpg&#8221; _builder_version=&#8221;4.16&#8243; link_option_url=&#8221;https:\/\/icec.gencat.cat\/ca\/inici&#8221; link_option_url_new_window=&#8221;on&#8221; global_colors_info=&#8221;{}&#8221;][\/wdcl_logo_carousel_child][wdcl_logo_carousel_child admin_title=&#8221;ICUB&#8221; logo=&#8221;https:\/\/elparlante.es\/web\/wp-content\/uploads\/2023\/09\/logo_icub.jpg&#8221; _builder_version=&#8221;4.16&#8243; link_option_url=&#8221;https:\/\/www.barcelona.cat\/barcelonacultura\/ca\/icub&#8221; link_option_url_new_window=&#8221;on&#8221; global_colors_info=&#8221;{}&#8221;][\/wdcl_logo_carousel_child][wdcl_logo_carousel_child admin_title=&#8221;ASPB&#8221; logo=&#8221;https:\/\/elparlante.es\/web\/wp-content\/uploads\/2023\/09\/logo_aspb.jpg&#8221; _builder_version=&#8221;4.16&#8243; link_option_url=&#8221;https:\/\/www.aspb.cat\/&#8221; link_option_url_new_window=&#8221;on&#8221; global_colors_info=&#8221;{}&#8221;][\/wdcl_logo_carousel_child][wdcl_logo_carousel_child admin_title=&#8221;The box&#8221; logo=&#8221;https:\/\/elparlante.es\/web\/wp-content\/uploads\/2023\/09\/logo_la-caixa.jpg&#8221; _builder_version=&#8221;4.16&#8243; link_option_url=&#8221;https:\/\/fundacionlacaixa.org\/ca\/&#8221; link_option_url_new_window=&#8221;on&#8221; global_colors_info=&#8221;{}&#8221;][\/wdcl_logo_carousel_child][wdcl_logo_carousel_child admin_title=&#8221;UPF&#8221; logo=&#8221;https:\/\/elparlante.es\/web\/wp-content\/uploads\/2023\/09\/logo_upf.jpg&#8221; logo_alt=&#8221;UPF&#8221; _builder_version=&#8221;4.16&#8243; link_option_url=&#8221;https:\/\/www.upf.edu\/&#8221; link_option_url_new_window=&#8221;on&#8221; global_colors_info=&#8221;{}&#8221;][\/wdcl_logo_carousel_child][wdcl_logo_carousel_child admin_title=&#8221;Qsl&#8221; logo=&#8221;https:\/\/elparlante.es\/web\/wp-content\/uploads\/2023\/09\/logo_qsl.jpg&#8221; _builder_version=&#8221;4.16&#8243; link_option_url=&#8221;https:\/\/qsl.cat\/&#8221; link_option_url_new_window=&#8221;on&#8221; global_colors_info=&#8221;{}&#8221;][\/wdcl_logo_carousel_child][wdcl_logo_carousel_child admin_title=&#8221;PDC NAVAS&#8221; logo=&#8221;https:\/\/elparlante.es\/web\/wp-content\/uploads\/2023\/09\/logo_pdc-navas.jpg&#8221; _builder_version=&#8221;4.16&#8243; link_option_url_new_window=&#8221;on&#8221; global_colors_info=&#8221;{}&#8221;][\/wdcl_logo_carousel_child][wdcl_logo_carousel_child admin_title=&#8221;Teleduca&#8221; logo=&#8221;https:\/\/elparlante.es\/web\/wp-content\/uploads\/2023\/09\/logo_teleduca.jpg&#8221; _builder_version=&#8221;4.16&#8243; link_option_url=&#8221;http:\/\/www.teleduca.org\/&#8221; link_option_url_new_window=&#8221;on&#8221; global_colors_info=&#8221;{}&#8221;][\/wdcl_logo_carousel_child][wdcl_logo_carousel_child admin_title=&#8221;Yellow House&#8221; logo=&#8221;https:\/\/elparlante.es\/web\/wp-content\/uploads\/2023\/09\/logo_casa-groga.jpg&#8221; _builder_version=&#8221;4.16&#8243; link_option_url=&#8221;https:\/\/ajuntament.barcelona.cat\/ccivics\/casagroga&#8221; link_option_url_new_window=&#8221;on&#8221; global_colors_info=&#8221;{}&#8221;][\/wdcl_logo_carousel_child][wdcl_logo_carousel_child admin_title=&#8221;The neighborhood&#8221; logo=&#8221;https:\/\/elparlante.es\/web\/wp-content\/uploads\/2023\/09\/logo_la-veinal.jpg&#8221; _builder_version=&#8221;4.16&#8243; link_option_url=&#8221;https:\/\/www.laveinal.cat\/&#8221; link_option_url_new_window=&#8221;on&#8221; global_colors_info=&#8221;{}&#8221;][\/wdcl_logo_carousel_child][wdcl_logo_carousel_child admin_title=&#8221;CEAI&#8221; logo=&#8221;https:\/\/elparlante.es\/web\/wp-content\/uploads\/2023\/09\/logo_ceai.jpg&#8221; _builder_version=&#8221;4.16&#8243; link_option_url=&#8221;https:\/\/centredestudisafricans.org\/&#8221; link_option_url_new_window=&#8221;on&#8221; global_colors_info=&#8221;{}&#8221;][\/wdcl_logo_carousel_child][wdcl_logo_carousel_child admin_title=&#8221;CEESC&#8221; logo=&#8221;https:\/\/elparlante.es\/web\/wp-content\/uploads\/2023\/09\/logo_ceesc.jpg&#8221; _builder_version=&#8221;4.16&#8243; link_option_url=&#8221;https:\/\/www.ceesc.cat\/&#8221; link_option_url_new_window=&#8221;on&#8221; global_colors_info=&#8221;{}&#8221;][\/wdcl_logo_carousel_child][wdcl_logo_carousel_child admin_title=&#8221;artibarri&#8221; logo=&#8221;https:\/\/elparlante.es\/web\/wp-content\/uploads\/2023\/09\/logo_artibarri.jpg&#8221; _builder_version=&#8221;4.16&#8243; link_option_url=&#8221;https:\/\/artibarri.cat\/&#8221; link_option_url_new_window=&#8221;on&#8221; global_colors_info=&#8221;{}&#8221;][\/wdcl_logo_carousel_child][wdcl_logo_carousel_child admin_title=&#8221;Camille Zonca&#8221; logo=&#8221;https:\/\/elparlante.es\/web\/wp-content\/uploads\/2023\/09\/logo_camille-zonca.jpg&#8221; _builder_version=&#8221;4.16&#8243; link_option_url=&#8221;http:\/\/www.camillezonca.com\/&#8221; link_option_url_new_window=&#8221;on&#8221; global_colors_info=&#8221;{}&#8221;][\/wdcl_logo_carousel_child][\/wdcl_logo_carousel][\/et_pb_column][\/et_pb_row][\/et_pb_section][et_pb_section fb_built=&#8221;1&#8243; _builder_version=&#8221;4.16&#8243; background_color=&#8221;#33a6a6&#8243; global_colors_info=&#8221;{}&#8221;][et_pb_row _builder_version=&#8221;4.16&#8243; custom_padding=&#8221;48px||52px|||&#8221; global_colors_info=&#8221;{}&#8221;][et_pb_column type=&#8221;4_4&#8243; _builder_version=&#8221;4.16&#8243; global_colors_info=&#8221;{}&#8221;][et_pb_text _builder_version=&#8221;4.16&#8243; header_4_text_color=&#8221;#ffffff&#8221; global_colors_info=&#8221;{}&#8221;]<\/p>\n<h4 style=\"text-align: center;\">Connect with us<\/h4>\n<p>[\/et_pb_text][et_pb_social_media_follow icon_color=&#8221;#ffffff&#8221; use_icon_font_size=&#8221;on&#8221; icon_font_size=&#8221;36px&#8221; icon_font_size_tablet=&#8221;&#8221; icon_font_size_phone=&#8221;27px&#8221; icon_font_size_last_edited=&#8221;on|desktop&#8221; _builder_version=&#8221;4.16&#8243; text_orientation=&#8221;center&#8221; border_radii=&#8221;on|35px|35px|35px|35px&#8221; box_shadow_style=&#8221;preset3&#8243; locked=&#8221;off&#8221; global_colors_info=&#8221;{}&#8221;][et_pb_social_media_follow_network social_network=&#8221;instagram&#8221; url=&#8221;https:\/\/www.instagram.com\/elparlantebcn\/&#8221; _builder_version=&#8221;4.16&#8243; background_color=&#8221;#ea2c59&#8243; global_colors_info=&#8221;{}&#8221; follow_button=&#8221;off&#8221; url_new_window=&#8221;on&#8221;]instagram[\/et_pb_social_media_follow_network][et_pb_social_media_follow_network social_network=&#8221;twitter&#8221; url=&#8221;https:\/\/twitter.com\/elParlanteBCN&#8221; _builder_version=&#8221;4.22.2&#8243; background_color=&#8221;#000000&#8243; global_colors_info=&#8221;{}&#8221; follow_button=&#8221;off&#8221; url_new_window=&#8221;on&#8221;]twitter[\/et_pb_social_media_follow_network][et_pb_social_media_follow_network social_network=&#8221;facebook&#8221; url=&#8221;https:\/\/www.facebook.com\/elParlante.es&#8221; _builder_version=&#8221;4.16&#8243; background_color=&#8221;#3b5998&#8243; global_colors_info=&#8221;{}&#8221; follow_button=&#8221;off&#8221; url_new_window=&#8221;on&#8221;]facebook[\/et_pb_social_media_follow_network][et_pb_social_media_follow_network social_network=&#8221;youtube&#8221; url=&#8221;https:\/\/www.youtube.com\/@elParlanteBarcelona&#8221; _builder_version=&#8221;4.16&#8243; background_color=&#8221;#a82400&#8243; global_colors_info=&#8221;{}&#8221; follow_button=&#8221;off&#8221; url_new_window=&#8221;on&#8221;]youtube[\/et_pb_social_media_follow_network][et_pb_social_media_follow_network social_network=&#8221;linkedin&#8221; url=&#8221;https:\/\/www.linkedin.com\/company\/elparlante\/&#8221; icon_color=&#8221;#ffffff&#8221; _builder_version=&#8221;4.16&#8243; background_color=&#8221;#007bb6&#8243; global_colors_info=&#8221;{}&#8221; follow_button=&#8221;off&#8221; url_new_window=&#8221;on&#8221;]linkedin[\/et_pb_social_media_follow_network][\/et_pb_social_media_follow][\/et_pb_column][\/et_pb_row][\/et_pb_section]<\/p>\n","protected":false},"excerpt":{"rendered":"<p>If you want to contact us, you can do so by calling or WhatsApp at 602 63 22 11 or writing to us at comunicacion@elparlante.es<\/p>\n","protected":false},"author":1,"featured_media":0,"parent":0,"menu_order":0,"comment_status":"closed","ping_status":"closed","template":"","meta":{"_et_pb_use_builder":"on","_et_pb_old_content":"","_et_gb_content_width":"","_monsterinsights_skip_tracking":false,"_monsterinsights_sitenote_active":false,"_monsterinsights_sitenote_note":"","_monsterinsights_sitenote_category":0,"footnotes":""},"class_list":["post-6944","page","type-page","status-publish","hentry"],"yoast_head":"<!-- This site is optimized with the Yoast SEO plugin v27.2 - https:\/\/yoast.com\/product\/yoast-seo-wordpress\/ -->\n<title>Contact | elParlante<\/title>\n<meta name=\"description\" content=\"If you want to contact us, you can do so by calling or WhatsApp at 665 31 64 88 or writing to us at comunicacion@elparlante.es\" \/>\n<meta name=\"robots\" content=\"index, follow, max-snippet:-1, max-image-preview:large, max-video-preview:-1\" \/>\n<link rel=\"canonical\" href=\"https:\/\/elparlante.es\/en\/contact\/\" \/>\n<meta property=\"og:locale\" content=\"en_US\" \/>\n<meta property=\"og:type\" content=\"article\" \/>\n<meta property=\"og:title\" content=\"Contact | elParlante\" \/>\n<meta property=\"og:description\" content=\"If you want to contact us, you can do so by calling or WhatsApp at 665 31 64 88 or writing to us at comunicacion@elparlante.es\" \/>\n<meta property=\"og:url\" content=\"https:\/\/elparlante.es\/en\/contact\/\" \/>\n<meta property=\"og:site_name\" content=\"elParlante\" \/>\n<meta property=\"article:publisher\" content=\"https:\/\/www.facebook.com\/elParlante.es\" \/>\n<meta property=\"article:modified_time\" content=\"2026-02-11T15:18:27+00:00\" \/>\n<meta property=\"og:image\" content=\"https:\/\/elparlante.es\/wp-content\/uploads\/2022\/12\/elparlante-header.png\" \/>\n\t<meta property=\"og:image:width\" content=\"162\" \/>\n\t<meta property=\"og:image:height\" content=\"140\" \/>\n\t<meta property=\"og:image:type\" content=\"image\/png\" \/>\n<meta name=\"twitter:card\" content=\"summary_large_image\" \/>\n<meta name=\"twitter:site\" content=\"@elParlanteBCN\" \/>\n<meta name=\"twitter:label1\" content=\"Est. reading time\" \/>\n\t<meta name=\"twitter:data1\" content=\"9 minutes\" \/>\n<script type=\"application\/ld+json\" class=\"yoast-schema-graph\">{\"@context\":\"https:\/\/schema.org\",\"@graph\":[{\"@type\":\"WebPage\",\"@id\":\"https:\/\/elparlante.es\/en\/contact\/\",\"url\":\"https:\/\/elparlante.es\/en\/contact\/\",\"name\":\"Contact | elParlante\",\"isPartOf\":{\"@id\":\"https:\/\/elparlante.es\/en\/#website\"},\"datePublished\":\"2023-03-08T15:08:36+00:00\",\"dateModified\":\"2026-02-11T15:18:27+00:00\",\"description\":\"If you want to contact us, you can do so by calling or WhatsApp at 665 31 64 88 or writing to us at comunicacion@elparlante.es\",\"breadcrumb\":{\"@id\":\"https:\/\/elparlante.es\/en\/contact\/#breadcrumb\"},\"inLanguage\":\"en-US\",\"potentialAction\":[{\"@type\":\"ReadAction\",\"target\":[\"https:\/\/elparlante.es\/en\/contact\/\"]}]},{\"@type\":\"BreadcrumbList\",\"@id\":\"https:\/\/elparlante.es\/en\/contact\/#breadcrumb\",\"itemListElement\":[{\"@type\":\"ListItem\",\"position\":1,\"name\":\"Portada\",\"item\":\"https:\/\/elparlante.es\/en\/\"},{\"@type\":\"ListItem\",\"position\":2,\"name\":\"Contact\"}]},{\"@type\":\"WebSite\",\"@id\":\"https:\/\/elparlante.es\/en\/#website\",\"url\":\"https:\/\/elparlante.es\/en\/\",\"name\":\"elParlante\",\"description\":\"ElParlante es una entidad de car\u00e1cter cultural, social y educativo, fundada en 2009. Entendemos la comunicaci\u00f3n como un proceso de di\u00e1logo constante, y utilizamos las tecnolog\u00edas audiovisuales como instrumentos de transformaci\u00f3n y cambio. Dise\u00f1amos, implementamos y evaluamos estrategias que vinculan la Educaci\u00f3n y la Comunicaci\u00f3n para la promoci\u00f3n de una ciudadan\u00eda m\u00e1s activa.\",\"alternateName\":\"elParlante\",\"potentialAction\":[{\"@type\":\"SearchAction\",\"target\":{\"@type\":\"EntryPoint\",\"urlTemplate\":\"https:\/\/elparlante.es\/en\/?s={search_term_string}\"},\"query-input\":{\"@type\":\"PropertyValueSpecification\",\"valueRequired\":true,\"valueName\":\"search_term_string\"}}],\"inLanguage\":\"en-US\"}]}<\/script>\n<!-- \/ Yoast SEO plugin. -->","yoast_head_json":{"title":"Contact | elParlante","description":"If you want to contact us, you can do so by calling or WhatsApp at 665 31 64 88 or writing to us at comunicacion@elparlante.es","robots":{"index":"index","follow":"follow","max-snippet":"max-snippet:-1","max-image-preview":"max-image-preview:large","max-video-preview":"max-video-preview:-1"},"canonical":"https:\/\/elparlante.es\/en\/contact\/","og_locale":"en_US","og_type":"article","og_title":"Contact | elParlante","og_description":"If you want to contact us, you can do so by calling or WhatsApp at 665 31 64 88 or writing to us at comunicacion@elparlante.es","og_url":"https:\/\/elparlante.es\/en\/contact\/","og_site_name":"elParlante","article_publisher":"https:\/\/www.facebook.com\/elParlante.es","article_modified_time":"2026-02-11T15:18:27+00:00","og_image":[{"width":162,"height":140,"url":"https:\/\/elparlante.es\/wp-content\/uploads\/2022\/12\/elparlante-header.png","type":"image\/png"}],"twitter_card":"summary_large_image","twitter_site":"@elParlanteBCN","twitter_misc":{"Est. reading time":"9 minutes"},"schema":{"@context":"https:\/\/schema.org","@graph":[{"@type":"WebPage","@id":"https:\/\/elparlante.es\/en\/contact\/","url":"https:\/\/elparlante.es\/en\/contact\/","name":"Contact | elParlante","isPartOf":{"@id":"https:\/\/elparlante.es\/en\/#website"},"datePublished":"2023-03-08T15:08:36+00:00","dateModified":"2026-02-11T15:18:27+00:00","description":"If you want to contact us, you can do so by calling or WhatsApp at 665 31 64 88 or writing to us at comunicacion@elparlante.es","breadcrumb":{"@id":"https:\/\/elparlante.es\/en\/contact\/#breadcrumb"},"inLanguage":"en-US","potentialAction":[{"@type":"ReadAction","target":["https:\/\/elparlante.es\/en\/contact\/"]}]},{"@type":"BreadcrumbList","@id":"https:\/\/elparlante.es\/en\/contact\/#breadcrumb","itemListElement":[{"@type":"ListItem","position":1,"name":"Portada","item":"https:\/\/elparlante.es\/en\/"},{"@type":"ListItem","position":2,"name":"Contact"}]},{"@type":"WebSite","@id":"https:\/\/elparlante.es\/en\/#website","url":"https:\/\/elparlante.es\/en\/","name":"elParlante","description":"ElParlante es una entidad de car\u00e1cter cultural, social y educativo, fundada en 2009. Entendemos la comunicaci\u00f3n como un proceso de di\u00e1logo constante, y utilizamos las tecnolog\u00edas audiovisuales como instrumentos de transformaci\u00f3n y cambio. Dise\u00f1amos, implementamos y evaluamos estrategias que vinculan la Educaci\u00f3n y la Comunicaci\u00f3n para la promoci\u00f3n de una ciudadan\u00eda m\u00e1s activa.","alternateName":"elParlante","potentialAction":[{"@type":"SearchAction","target":{"@type":"EntryPoint","urlTemplate":"https:\/\/elparlante.es\/en\/?s={search_term_string}"},"query-input":{"@type":"PropertyValueSpecification","valueRequired":true,"valueName":"search_term_string"}}],"inLanguage":"en-US"}]}},"_links":{"self":[{"href":"https:\/\/elparlante.es\/en\/wp-json\/wp\/v2\/pages\/6944","targetHints":{"allow":["GET"]}}],"collection":[{"href":"https:\/\/elparlante.es\/en\/wp-json\/wp\/v2\/pages"}],"about":[{"href":"https:\/\/elparlante.es\/en\/wp-json\/wp\/v2\/types\/page"}],"author":[{"embeddable":true,"href":"https:\/\/elparlante.es\/en\/wp-json\/wp\/v2\/users\/1"}],"replies":[{"embeddable":true,"href":"https:\/\/elparlante.es\/en\/wp-json\/wp\/v2\/comments?post=6944"}],"version-history":[{"count":10,"href":"https:\/\/elparlante.es\/en\/wp-json\/wp\/v2\/pages\/6944\/revisions"}],"predecessor-version":[{"id":8980,"href":"https:\/\/elparlante.es\/en\/wp-json\/wp\/v2\/pages\/6944\/revisions\/8980"}],"wp:attachment":[{"href":"https:\/\/elparlante.es\/en\/wp-json\/wp\/v2\/media?parent=6944"}],"curies":[{"name":"wp","href":"https:\/\/api.w.org\/{rel}","templated":true}]}}